{"id":559,"date":"2020-12-28T19:07:38","date_gmt":"2020-12-28T18:07:38","guid":{"rendered":"https:\/\/wp.sdr.sk\/?page_id=559"},"modified":"2021-05-24T11:31:04","modified_gmt":"2021-05-24T09:31:04","slug":"co-mi-dava-clenstvo-v-duchovnej-rodine","status":"publish","type":"page","link":"https:\/\/www.sdr.sk\/index.php\/co-mi-dava-clenstvo-v-duchovnej-rodine\/","title":{"rendered":"\u010cO MI D\u00c1VA \u010cLENSTVO V DUCHOVNEJ RODINE"},"content":{"rendered":"\t\t<div data-elementor-type=\"wp-page\" data-elementor-id=\"559\" class=\"elementor elementor-559\" data-elementor-settings=\"[]\">\n\t\t\t\t\t\t<div class=\"elementor-inner\">\n\t\t\t\t\t\t\t<div class=\"elementor-section-wrap\">\n\t\t\t\t\t\t\t<section class=\"elementor-section elementor-top-section elementor-element elementor-element-3f3124e7 elementor-section-boxed elementor-section-height-default elementor-section-height-default\" data-id=\"3f3124e7\" data-element_type=\"section\">\n\t\t\t\t\t\t<div class=\"elementor-container elementor-column-gap-default\">\n\t\t\t\t\t\t\t<div class=\"elementor-row\">\n\t\t\t\t\t<div class=\"elementor-column elementor-col-100 elementor-top-column elementor-element elementor-element-503c16d5\" data-id=\"503c16d5\" data-element_type=\"column\">\n\t\t\t<div class=\"elementor-column-wrap elementor-element-populated\">\n\t\t\t\t\t\t\t<div class=\"elementor-widget-wrap\">\n\t\t\t\t\t\t<div class=\"elementor-element elementor-element-868ecaa elementor-widget elementor-widget-text-editor\" data-id=\"868ecaa\" data-element_type=\"widget\" data-widget_type=\"text-editor.default\">\n\t\t\t\t<div class=\"elementor-widget-container\">\n\t\t\t\t\t<div class=\"elementor-text-editor elementor-clearfix\"><p><!-- wp:paragraph {\"align\":\"left\"} --><\/p>\n<p><strong>Anna zo Spi\u0161skej Novej Vsi:<br><\/strong>Mesa\u010dn\u00e9 stretnutia s&nbsp;ostatn\u00fdmi \u010dlenkami spolo\u010denstva mi dod\u00e1vaj\u00fa energiu a&nbsp;silu, ktor\u00fa sa sna\u017e\u00edm odovzd\u00e1va\u0165 \u010falej svojej rodine ako aj priate\u013eom. Ve\u013ek\u00fa silu mi dod\u00e1vaj\u00fa duchovn\u00e9 cvi\u010denia, na ktor\u00e9 sa ve\u013emi te\u0161\u00edm a&nbsp;s\u00fa pre m\u0148a \u010dasom, kedy c\u00edtim ve\u013ek\u00fd pokoj v&nbsp;du\u0161i a&nbsp;l\u00e1sku zo svojho srdca by som dok\u00e1zala rozd\u00e1va\u0165 na v\u0161etky strany. Som ve\u013emi \u0161\u0165astn\u00e1, \u017ee na mesa\u010dn\u00fdch stretnutiach stret\u00e1vam \u017eeny, ktor\u00e9 sa tak ako ja, te\u0161ia z&nbsp;ka\u017ed\u00e9ho pre\u017eit\u00e9ho d\u0148a, v\u00e1\u017eia si \u013eud\u00ed okolo seba, miluj\u00fa Boha a&nbsp;svoju rodinu a&nbsp;s\u00fa schopn\u00e9 obetova\u0165 ve\u013ea, aby sa ich bl\u00edzki mali \u010do najlep\u0161ie. Moja du\u0161a st\u00e1le pookreje na t\u00fdchto stretnutiach a&nbsp;z&nbsp;ka\u017ed\u00e9ho z&nbsp;nich si odnesiem n\u00e1dhern\u00e9 pocity a&nbsp;my\u0161lienky. Spoznala som ve\u013ea nov\u00fdch mil\u00fdch \u013eud\u00ed a&nbsp;nav\u0161t\u00edvila som mnoho kr\u00e1snych miest. Pri rozhovoroch s&nbsp;ostatn\u00fdmi \u010dlenkami na\u0161ej Duchovnej rodiny sa st\u00e1le ubezpe\u010dujem, \u017ee \u010dlovek, ak m\u00e1 okolo seba dobr\u00fdch \u013eud\u00ed a&nbsp;v&nbsp;du\u0161i vieru v&nbsp;Boha, nikdy nie je na svete s\u00e1m.<\/p>\n<p><strong>Helena zo Sniny:<br><\/strong>Odkedy som vst\u00fapila do Duchovnej rodiny Kongreg\u00e1cie Sestier Bo\u017esk\u00e9ho Vykupite\u013ea ve\u013ea som sa nau\u010dila. Nau\u010dila som sa d\u00e1va\u0165 si predsavzatia a&nbsp;plni\u0165 ich, modli\u0165 sa za in\u00fdch. V\u00e4\u010d\u0161inou sa st\u00e1le v&nbsp;duchu modl\u00edm za v\u0161etko, \u010do mi pr\u00edde v&nbsp;t\u00fa chv\u00ed\u013eu na rozum, za bl\u00edzkych, za chor\u00fdch, za zomrel\u00fdch, za na\u0161u duchovn\u00fa rodinu, za pokoj vo svete. Taktie\u017e si \u010d\u00edtam \u2013 m\u00e1lokedy som predt\u00fdm \u010d\u00edtala nejak\u00fa knihu. Teraz ka\u017ed\u00fd de\u0148 beriem na chv\u00ed\u013eu Bibliu, knihy o&nbsp;Matke Alfonze M\u00e1rii, Nasledovanie Krista a&nbsp;tie\u017e O&nbsp;pravej \u00facte k&nbsp;Panne M\u00e1rii. Som rada, \u017ee som \u010dlenkou DR. Viem, \u017ee sa v&nbsp;na\u0161om spolo\u010denstve spolu s&nbsp;na\u0161imi sestri\u010dkami e\u0161te ve\u013ea nau\u010d\u00edm.<\/p>\n<p><strong>M\u00e1ria z&nbsp;Raslav\u00edc:<\/strong><\/p>\n<p><!-- \/wp:paragraph --><\/p>\n<p><!-- wp:paragraph --><\/p>\n<p>\u010clenstvo v&nbsp;DR SDR mi d\u00e1va:<br>&#8211;&nbsp;&nbsp;&nbsp;&nbsp;mo\u017enos\u0165 duchovn\u00e9ho rastu, spr\u00e1vne pochopi\u0165 niektor\u00e9 \u010dasti Sv\u00e4t\u00e9ho p\u00edsma, zvl\u00e1\u0161\u0165 po\u010das duchovn\u00fdch cvi\u010den\u00ed pri rozoberan\u00ed poslania a&nbsp;zodpovednosti v&nbsp;man\u017eelskom a&nbsp;rodinnom \u017eivote.<br>&#8211;&nbsp;&nbsp;&nbsp;&nbsp;rados\u0165 zo stret\u00e1vania sa v&nbsp;tomto spolo\u010denstve, mo\u017enos\u0165 medit\u00e1cie pred Najsv\u00e4tej\u0161ou sviatos\u0165ou olt\u00e1rnou, ktor\u00e1 je vhodne v\u010dlenen\u00e1 do programu na\u0161ich stretnut\u00ed. T\u00e1to medit\u00e1cia mi d\u00e1va \u0161ancu duchovne sa prehodnoti\u0165 a&nbsp;pretvori\u0165 do spr\u00e1vneho smeru spolu\u017eitia s&nbsp;man\u017eelom a&nbsp;mne zveren\u00fdmi de\u0165mi. Tu dok\u00e1\u017eem v&nbsp;tichosti plne otvori\u0165 svoje srdce v&nbsp;snahe pripodobni\u0165 sa Srdcu Je\u017ei\u0161ovmu a&nbsp;pochopi\u0165 d\u00f4le\u017eitos\u0165 pokory a&nbsp;odovzdanosti. Som v\u010fa\u010dn\u00e1 Duchu Sv\u00e4t\u00e9mu, \u017ee mi dal vnuknutie vst\u00fapi\u0165 do tohto spolo\u010denstva a&nbsp;ver\u00edm, \u017ee je to je jedna z&nbsp;ciest, ktor\u00e9 mi pom\u00f4\u017eu naplni\u0165 m\u00f4j \u017eivotn\u00fd cie\u013e kres\u0165ana \u2013 vstup do neba.<\/p>\n<p><strong>Jolana z Ko\u0161\u00edc:<br><\/strong>Dlho som rozm\u00fd\u0161\u013eala, \u010di \u00eds\u0165 do tohto spolo\u010denstva. Ob\u00e1vala som sa, \u010di som toho hodn\u00e1, \u010di budem schopn\u00e1 plni\u0165 podmienky, ktor\u00e9 pre n\u00e1s vypl\u00fdvaj\u00fa zo \u0161tat\u00fatu. Po dlh\u0161ej \u00favahe som sa rozhodla a&nbsp;rozhodla som sa spr\u00e1vne. Do spolo\u010denstva chod\u00edm rada, te\u0161\u00edm sa na stretnutie so spolusestrami, na sv. om\u0161u a&nbsp;tie\u017e na poklonu pred Sviatos\u0165ou Olt\u00e1rnou. Tu v&nbsp;tichu pred P\u00e1nom m\u00f4\u017eem predlo\u017ei\u0165 svoje prosby, po\u010fakova\u0165 mu za v\u0161etky dobrodenia. Tu sa zastav\u00ed be\u017en\u00fd \u017eivotn\u00fd kolobeh a&nbsp;je tu len P\u00e1n a&nbsp;ja. \u010clovek ako ja, ktor\u00fd pre\u017eil cel\u00fd \u017eivot v&nbsp;u\u010dite\u013eskom povolan\u00ed, mal kostol na druhej strane cesty a&nbsp;nemohol do\u0148 vst\u00fapi\u0165, ten to najlep\u0161ie pochop\u00ed. N\u00e1v\u0161teva bohoslu\u017eieb bola mo\u017en\u00e1 len mimo obce. P\u00e4\u0165 det\u00ed da\u0165 pokrsti\u0165, pripravi\u0165 za dan\u00fdch podmienok k&nbsp;prijatiu Sviatosti olt\u00e1rnej a&nbsp;k&nbsp;sviatosti birmovania &#8211; to nebolo za totality \u013eahk\u00e9. V\u010fa\u010d\u00edm Bohu za v\u0161etko, \u010do mi dal. Teraz ako d\u00f4chodky\u0148a sa sna\u017e\u00edm zap\u00e1ja\u0165 do \u017eivota vo farnosti pod\u013ea svojich schopnosti. V&nbsp;s\u00fakromnom \u017eivote sa sna\u017e\u00edm \u017ei\u0165 kres\u0165ansk\u00fdm \u017eivotom a&nbsp;vies\u0165 k&nbsp;tomu m\u00f4jho man\u017eela, deti i&nbsp;vn\u00fa\u010dat\u00e1, hoci, \u017eia\u013e, nie je to \u013eahk\u00e9. D\u00f4verujem P\u00e1novi, \u017ee sa mi to s&nbsp;pomocou jeho milosti podar\u00ed. Pros\u00edm aj na\u0161u Matku Zakladate\u013eku, aby mi vyprosovala milos\u0165 a&nbsp;silu, aby som dok\u00e1zala v\u0161etko prij\u00edma\u0165 z&nbsp;Bo\u017e\u00edch r\u00fak, tak, ako to dok\u00e1zala ona, a&nbsp;\u017ei\u0165 \u017eivotom, ktor\u00fd pre\u017e\u00edvala ona vo svojich podmienkach. Ja to chcem robi\u0165 v&nbsp;podmienkach, ktor\u00e9 m\u00e1m ja. K&nbsp;tomu naber\u00e1m silu aj v&nbsp;na\u0161om spolo\u010denstve.<\/p>\n<p><strong>Marta z Ko\u0161\u00edc:<br><\/strong>\u010co mi d\u00e1va Duchovn\u00e1 rodina? Hlb\u0161ie k&nbsp;n\u00e1m prenik\u00e1 Bo\u017eie slovo. Tu sme bli\u017e\u0161ie k&nbsp;Otcovi a&nbsp;spolu. Na\u0161e starosti a&nbsp;tr\u00e1penia akoby sme si medzi seba podelili. Odch\u00e1dzame domov nabit\u00e9 energiou a&nbsp;doma sa ju sna\u017e\u00edme odovzd\u00e1va\u0165.<\/p>\n<p><strong>Jolana z Ko\u0161\u00edc:<br><\/strong>U\u017e v detstve som mala mo\u017enos\u0165 v\u00eddava\u0165 po\u010das dovolenky u&nbsp;pr\u00edbuzn\u00fdch sestri\u010dku Ag\u00e1tu. Z&nbsp;tv\u00e1re sa jej zra\u010dil v\u017edy ve\u013ek\u00fd pokoj, tajomn\u00fd \u00fasmev, ochota a&nbsp;rados\u0165. Nevedela som to pochopi\u0165. Pre\u0161lo dlh\u00fdch 50 rokov, ke\u010f som sa v\u010faka Bo\u017eiemu riadeniu a&nbsp;tie\u017e cez moju b\u00fdval\u00fa spolu\u017eia\u010dku a&nbsp;dne\u0161n\u00fa spolusestru v&nbsp;tejto duchovnej rodine, dostala do spolo\u010denstva. A&nbsp;ja never\u00edm na n\u00e1hody. P\u00e1n Boh mi splnil moju najtajnej\u0161iu t\u00fa\u017ebu. Dovolil mi nahliadnu\u0165 \u201epod pokrievku\u201c tejto pre m\u0148a tak potrebnej \u017eivotodarnej vlahy. \u010eakujem Bohu za ten dar. Spolo\u010denstvo nav\u0161tevujem u\u017e 5 rokov. Ve\u013emi mi pom\u00e1ha v&nbsp;mojom duchovnom raste, dod\u00e1va mi silu, odvahu, u\u010d\u00ed ma trpezlivosti, rozhodnosti a&nbsp;hlavnej pokore, ktorej sa \u010dlovek tak boj\u00ed. Pane, pros\u00edm, po\u017eehnaj toto dielo, v\u0161etky spolusestry z&nbsp;reho\u013enej aj duchovnej rodiny Sestier Bo\u017esk\u00e9ho Vykupite\u013ea.<\/p>\n<p><!-- \/wp:paragraph --><\/p>\n<p><!-- wp:paragraph --><\/p>\n<p><strong>L\u010c z Ko\u0161\u00edc:<br><\/strong>Do duchovnej rodiny sme boli prijat\u00e9 medzi prv\u00fdmi. Te\u0161\u00edm sa na ka\u017ed\u00e9 jedno stretko. \u0160es\u0165 a&nbsp;pol roka som opatrovala \u0165a\u017eko chor\u00fa pani. N\u00e1v\u0161teva stretk\u00e1 bola pre m\u0148a ve\u013ekou duchovnou posilou. St\u00e1le viac sa zbli\u017eujeme ako rodina. \u010eakujem v\u0161etk\u00fdm, \u010do ma do duchovnej rodiny priviedli. V&nbsp;duchovnej rodine si roz\u0161irujem duchovn\u00fd obzor, stret\u00e1vam nov\u00fdch priate\u013eov, nach\u00e1dzam smernice m\u00f4jho \u017eivota, pod\u013ea ktor\u00fdch sa m\u00e1m riadi\u0165, vyrie\u0161i\u0165 mnoh\u00e9 svoje probl\u00e9my, skr\u00e1tka \u017ei\u0165 svoju vieru nielen navonok, ale skuto\u010dne tak, ako to n\u00e1\u0161 P\u00e1n od n\u00e1s vy\u017eaduje.<\/p>\n<p><strong>Ter\u00e9zia zo Spi\u0161sk\u00fdch Vl\u00e1ch:<br><\/strong>Vyrastala som v&nbsp;totalitnom re\u017eime, nemala som mo\u017enos\u0165 zapoji\u0165 sa do nejak\u00e9ho spolo\u010denstva. Stretnutia mi d\u00e1vaj\u00fa ve\u013emi ve\u013ea v&nbsp;mojom rodinnom \u017eivote. Te\u0161\u00edm sa na \u010dlenky duchovnej rodiny. Porozpr\u00e1vame sa o&nbsp;svojich radostn\u00fdch i&nbsp;smutn\u00fdch z\u00e1le\u017eitostiach. Spolo\u010denstvo Duchovnej rodiny je aj spolo\u010denstvo s&nbsp;Bo\u017esk\u00fdm Vykupite\u013eom, ktor\u00fd povedal: Kde s\u00fa dvaja alebo traja v&nbsp;mojom mene, tam som aj ja.<\/p>\n<p><strong>L\u010c zo <strong>Spi\u0161sk\u00fdch Vl\u00e1ch<\/strong><\/strong>:<strong><br><\/strong>V dne\u0161nej upon\u00e1h\u013eanej dobe n\u00e1m ve\u013ea d\u00e1vaj\u00fa hodnotn\u00e9 predn\u00e1\u0161ky, doplnen\u00e9 o&nbsp;skuto\u010dn\u00e9 pr\u00edbehy zo \u017eivota. A&nbsp;tak ka\u017ed\u00e1 z&nbsp;n\u00e1s m\u00e1 o&nbsp;\u010dom rozm\u00fd\u0161\u013ea\u0165 a&nbsp;m\u00f4\u017eem si vybra\u0165 spr\u00e1vny kurz v&nbsp;\u017eivote. Modlitba m\u00e1 ve\u013ek\u00fa silu a&nbsp;ke\u010f sa modl\u00edme navz\u00e1jom za seba, pom\u00e1ha n\u00e1m to prekon\u00e1va\u0165 \u017eivotn\u00e9 sk\u00fa\u0161ky.<\/p>\n<p><strong>Svetlana z&nbsp;Umane (UA):<br><\/strong>Som ve\u013emi v\u010fa\u010dn\u00e1 Bohu, \u017ee patr\u00edm do DR Sestier Bo\u017esk\u00e9ho Vykupite\u013ea. \u010clenstvo v&nbsp;DR m\u00e1 ve\u013ek\u00fd v\u00fdznam a&nbsp;d\u00f4le\u017eit\u00fa \u00falohu pre m\u00f4j duchovn\u00fd \u017eivot. V&nbsp;prvom rade mi pomohlo pravidelne \u010d\u00edta\u0165 a&nbsp;rozj\u00edma\u0165 nad Sv\u00e4t\u00fdm P\u00edsmom, z\u00fa\u010dast\u0148ova\u0165 sa \u010dastej\u0161ie na sv\u00e4tej om\u0161i a&nbsp;sp\u00e1ja\u0165 sa s&nbsp;eucharistick\u00fdm Je\u017ei\u0161om. A&nbsp;\u010das ador\u00e1cie vari je najkraj\u0161\u00edm okamihom v&nbsp;mojom \u017eivote. V&nbsp;modlitbe za trpiacich, chor\u00fdch, star\u00fdch a&nbsp;opusten\u00e9 deti c\u00edtim ve\u013ek\u00fa duchovn\u00fa podporu celej DR i&nbsp;sestier. Ve\u013emi t\u00fa\u017eim a&nbsp;modl\u00edm sa, aby sa heslom m\u00f4jho \u017eivota stali slov\u00e1 Matky Alfonzy M\u00e1rie: \u201eV\u0161etko skrze Boha, v&nbsp;Bohu a&nbsp;pre Boha. V\u0161etko na jeho \u010des\u0165 a&nbsp;sl\u00e1vu a&nbsp;pre sp\u00e1su du\u0161\u00ed.\u201c<\/p>\n<p><strong>Helena zo Sniny:<br><\/strong>Odkedy som vst\u00fapila do Duchovnej rodiny Kongreg\u00e1cie Sestier Bo\u017esk\u00e9ho Vykupite\u013ea, ve\u013ea som sa nau\u010dila. Nau\u010dila som sa d\u00e1va\u0165 si predsavzatia a&nbsp;plni\u0165 ich, modli\u0165 sa za in\u00fdch. V\u00e4\u010d\u0161inou sa st\u00e1le v&nbsp;duchu modl\u00edm za v\u0161etko, \u010do mi pr\u00edde v&nbsp;t\u00fa chv\u00ed\u013eu na rozum, za bl\u00edzkych, za chor\u00fdch, za zomrel\u00fdch, za na\u0161u DR, za pokoj vo svete. Taktie\u017e si \u010d\u00edtam \u2013 m\u00e1lokedy som predt\u00fdm \u010d\u00edtala nejak\u00fa knihu. Teraz ka\u017ed\u00fd de\u0148 beriem na chv\u00ed\u013eu Bibliu, knihy o&nbsp;Matke Alfonze M\u00e1rii, Nasledovanie Krista a&nbsp;tie\u017e O&nbsp;pravej \u00facte k&nbsp;Panne M\u00e1rii. Som rada, \u017ee som \u010dlenkou DR. Viem, \u017ee sa v&nbsp;na\u0161om spolo\u010denstve spolu s&nbsp;na\u0161imi sestri\u010dkami e\u0161te ve\u013ea nau\u010d\u00edm.<\/p>\n<p><strong>Oxana z Umane (UA)<\/strong>:<\/p>\n<p><span style=\"letter-spacing: 0px;\">Pr\u00e1ca sestier vpl\u00fdva na duchovn\u00fd rast veriacich. \u013dudia si zakladaj\u00fa r\u00f4zne organiz\u00e1cie, stret\u00e1vaj\u00fa sa v&nbsp;skupin\u00e1ch, spojen\u00ed ak\u00fdmsi spolo\u010dn\u00fdm z\u00e1ujmom: politick\u00fdm, ekonomick\u00fdm, kult\u00farnym, \u0161portov\u00fdm, duchovn\u00fdm alebo pracovn\u00fdm. Tieto organiz\u00e1cie nesm\u00fa existova\u0165 sami pre seba, ale maj\u00fa by\u0165 strediskami, kde sa \u010dlovek u\u010d\u00ed \u017ei\u0165 a&nbsp;sl\u00fa\u017ei\u0165 svojmu n\u00e1rodu. Nau\u010di\u0165 sa takej l\u00e1ske mo\u017eno v&nbsp;dobrej rodine alebo v&nbsp;kruhu dobr\u00fdch priate\u013eov, ale spozn\u00e1va\u0165 a&nbsp;rozv\u00edja\u0165 v&nbsp;sebe duchovnos\u0165 mo\u017eno len v&nbsp;Cirkvi, kde je vidie\u0165 pr\u00edklad v&nbsp;duchovn\u00fdch osob\u00e1ch, ktor\u00e9 dali seba na slu\u017ebu Bohu i&nbsp;\u013eu\u010fom. V&nbsp;jednoduch\u00fdch oby\u010dajn\u00fdch \u013eu\u010foch, ktor\u00ed sa na prv\u00fd poh\u013ead ni\u010d\u00edm nel\u00ed\u0161ia od druh\u00fdch, ale v&nbsp;tichej pokore a&nbsp;slu\u017ebe Bohu a&nbsp;\u013eu\u010fom pre\u017eili svoj \u017eivot. Chodila som do kostola od detstva, preto\u017ee poch\u00e1dzam z&nbsp;veriacej rodiny. Katol\u00edcky k\u0148az za\u010dal prich\u00e1dza\u0165 do na\u0161ej farnosti a\u017e od roku 1991. Dovtedy mnoh\u00ed katol\u00edci nav\u0161tevovali pravosl\u00e1vne cerkvi. Od 1999 roku pre na\u0161u farnos\u0165 bol ur\u010den\u00fd st\u00e1ly k\u0148az a&nbsp;na jeho pozvanie v&nbsp;roku 2000 pri\u0161li sestry z&nbsp;Kongreg\u00e1cie Bo\u017esk\u00e9ho Vykupite\u013ea. Moja duchovnos\u0165 vzrast\u00e1 v\u010faka pr\u00e1ci na\u0161ich k\u0148azov a&nbsp;sestri\u010diek, ktor\u00e9 im pom\u00e1haj\u00fa. V\u010faka pr\u00edkladu ich viery a&nbsp;pr\u00e1ce sa neraz aj ja zam\u00fd\u0161\u013eam nad zmyslom svojho \u017eivota. \u010ci si dos\u0165 \u010dasto v\u0161\u00edmame svoje okolie? Mo\u017eno ved\u013ea teba \u017eije celkom oby\u010dajn\u00fd \u010dlovek,&nbsp;<\/span><span style=\"letter-spacing: 0px;\">ktor\u00fd&nbsp;n\u00e1m svojim ka\u017edodenn\u00fdm \u017eivotom ukazuje pr\u00edklad duchovnosti. Svedectvom duchovna a milosrdnej l\u00e1sky k&nbsp;bl\u00ed\u017enemu je pre m\u0148a misijn\u00e1 pr\u00e1ca na\u0161ich sestier, ktor\u00e9 pri\u0161li zo Slovenska, aby sved\u010dili o&nbsp;svojej viere dodr\u017eiavaj\u00fac trad\u00edciu a&nbsp;kult\u00faru na\u0161ej vlasti, vpl\u00fdvaj\u00fac na formovanie duchovn\u00e9ho povedomia Ukrajincov. &nbsp;V&nbsp;meste Umani pracuj\u00fa tri sestry. Sr. Anast\u00e1zia, sr. Nicola a&nbsp;Sr. Jakuba. Chodia ka\u017ed\u00fd de\u0148 do mestskej nemocnice, aby pom\u00e1hali \u0165a\u017eko chor\u00fdm. Nemaj\u00fa z&nbsp;toho \u017eiaden finan\u010dn\u00fd pr\u00edjem. Nav\u0161tevuj\u00fa rodiny s&nbsp;\u0165a\u017eko zdravotne a&nbsp;ment\u00e1lne postihnut\u00fdmi de\u0165mi. Stretnutiami s&nbsp;nimi a&nbsp;u\u010den\u00edm im pom\u00e1haj\u00fa prija\u0165 svet a&nbsp;obdivova\u0165 jeho kr\u00e1su. Vedia, \u017ee t\u00fdmto de\u0165om je potrebn\u00e1 zvl\u00e1\u0161tna starostlivos\u0165, v\u00fdchova a&nbsp;komunik\u00e1cia. Som z&nbsp;toho dojat\u00e1. Ke\u010f vid\u00edm alebo po\u010dujem od star\u0161\u00edch \u013eud\u00ed, ako sa im sr. Anast\u00e1zia sna\u017e\u00ed pom\u00f4c\u0165, uspokoji\u0165, pote\u0161i\u0165 ich v&nbsp;samote, uk\u00e1za\u0165 im, \u017ee ka\u017ed\u00fd \u010dlovek je potrebn\u00fd a&nbsp;je hodn\u00fd \u017ei\u0165 na tejto zemi. \u010co dok\u00e1\u017ee viac prebudi\u0165 v&nbsp;\u013eudsk\u00fdch srdciach t\u00fa\u017ebu po milosrdenstve, l\u00e1ske k&nbsp;bl\u00ed\u017enym, ak nie tak\u00e1to pr\u00e1ca a&nbsp;pr\u00edklad? Niekedy nie je potrebn\u00e9 ve\u013ea hovori\u0165 o&nbsp;tom, ako \u013e\u00fabime Boha, spieva\u0165 mu chv\u00e1lospevy, \u010di mera\u0165 svoju vieru mno\u017estvom nav\u0161t\u00edven\u00fdch bohoslu\u017eieb. Bolo by lep\u0161ie&nbsp;s&nbsp;l\u00e1skou a&nbsp;milosrdenstvom v&nbsp;du\u0161i poda\u0165 vodu chor\u00e9mu, umy\u0165 ho, prezliec\u0165 mu poste\u013en\u00fa bielize\u0148.<\/span><\/p><p>Vtedy som si ist\u00e1, \u017ee sa \u013eudia sami op\u00fdtaj\u00fa, v&nbsp;mene koho to rob\u00ed\u0161, kto \u0165a nau\u010dil tak milova\u0165 \u013eud\u00ed. U\u017e v&nbsp;detstve za\u010d\u00edname spozn\u00e1va\u0165 okolit\u00fd svet a&nbsp;druh\u00fdch \u013eud\u00ed.&nbsp;A&nbsp;u\u017e v&nbsp;tomto veku za\u010d\u00ednaj\u00fa r\u00f4zne probl\u00e9my. \u010casto po\u010dujeme od mlad\u00fdch, \u017ee im rodi\u010dia nerozumej\u00fa. Star\u0161\u00ed sa s\u0165a\u017euj\u00fa, \u017ee dne\u0161n\u00e1 ml\u00e1de\u017e je in\u00e1, ako boli oni. Zjavuj\u00fa sa medzigenera\u010dn\u00e9 konflikty. Aj tak\u00e9ho probl\u00e9my na\u0161ich rod\u00edn rie\u0161ime na stretnutiach duchovnej rodiny, opieraj\u00fac sa o&nbsp;Sv\u00e4t\u00e9 p\u00edsmo a&nbsp;rady sestier. \u010clovek, ktor\u00fd dosiahol ur\u010dit\u00fa duchovn\u00fa v\u00fd\u0161ku, sa \u013eah\u0161ie vzd\u00e1va svojho JA kv\u00f4li l\u00e1ske k&nbsp;bl\u00ed\u017enemu, \u010do je v&nbsp;ur\u010ditej miere ve\u013ek\u00fdm pokrokom sved\u010diacim o&nbsp;sile ducha. V\u00e4\u010d\u0161ina konfliktov vznik\u00e1 pre mali\u010dkosti, ktor\u00e9 si \u010dlovek m\u00f4\u017ee \u013eahko odoprie\u0165 a&nbsp;v\u00f4bec si t\u00fdm neu\u0161kod\u00ed. Ve\u013ek\u00fd v\u00fdznam m\u00e1 aj to, v&nbsp;akom prostred\u00ed \u010dlovek vyrast\u00e1. Ak bude okolie viac duchovn\u00fdm, bude aj \u010dlovek lep\u0161\u00ed. To plat\u00ed aj naopak. V&nbsp;dne\u0161nom svete sa vysoko hodnot\u00ed intelekt a&nbsp;vedomosti \u010dloveka, ale bez duchovnej a&nbsp;mor\u00e1lnej orient\u00e1cie k&nbsp;dobru sa samotn\u00e9 vedomosti stan\u00fa bezcenn\u00fdmi alebo dokonca nebezpe\u010dn\u00fdmi. Najviac probl\u00e9mov medzi \u013eu\u010fmi je mo\u017eno preto, \u017ee \u013eudia nevedia, alebo nechc\u00fa rozli\u0161ova\u0165 medzi t\u00fdm, \u010do je dobr\u00e9 pre v\u0161etk\u00fdch a&nbsp;\u010do je dobr\u00e9 len pre m\u0148a. Dobro, ktor\u00e9 sa sp\u00e1ja s&nbsp;pr\u00edjemnos\u0165ou, bezstarostnos\u0165ou, ktor\u00e9 sa stavia nad objekt\u00edvne ide\u00e1ly rob\u00ed \u010dloveka hluch\u00fdm na potreby svojich bl\u00ed\u017enych. Naopak, tich\u00fd a&nbsp;pokorn\u00fd pr\u00edklad sestier, ich ochota by\u0165 s&nbsp;\u010dlovekom a podr\u017ea\u0165 ho, n\u00e1s duchovne nadch\u00fdna r\u00e1s\u0165 v&nbsp;duchovnosti.<\/p>\n<p><!-- \/wp:paragraph --><\/p>\n<p><!-- wp:image {\"align\":\"center\",\"id\":570,\"sizeSlug\":\"full\"} --><\/p>\n<div class=\"wp-block-image\">\n<figure class=\"aligncenter size-full\"><img loading=\"lazy\" width=\"2560\" height=\"1706\" class=\"wp-image-570\" src=\"https:\/\/wp.sdr.sk\/wp-content\/uploads\/2020\/12\/co-mi-dava-scaled.jpg\" alt=\"\" srcset=\"https:\/\/www.sdr.sk\/wp-content\/uploads\/2020\/12\/co-mi-dava-scaled.jpg 2560w, https:\/\/www.sdr.sk\/wp-content\/uploads\/2020\/12\/co-mi-dava-300x200.jpg 300w, https:\/\/www.sdr.sk\/wp-content\/uploads\/2020\/12\/co-mi-dava-1024x683.jpg 1024w, https:\/\/www.sdr.sk\/wp-content\/uploads\/2020\/12\/co-mi-dava-768x512.jpg 768w, https:\/\/www.sdr.sk\/wp-content\/uploads\/2020\/12\/co-mi-dava-1536x1024.jpg 1536w, https:\/\/www.sdr.sk\/wp-content\/uploads\/2020\/12\/co-mi-dava-2048x1365.jpg 2048w, https:\/\/www.sdr.sk\/wp-content\/uploads\/2020\/12\/co-mi-dava-900x600.jpg 900w, https:\/\/www.sdr.sk\/wp-content\/uploads\/2020\/12\/co-mi-dava-400x267.jpg 400w\" sizes=\"(max-width: 2560px) 100vw, 2560px\" \/><\/figure>\n<\/div>\n<p><!-- \/wp:image --><\/p><\/div>\n\t\t\t\t<\/div>\n\t\t\t\t<\/div>\n\t\t\t\t\t\t<\/div>\n\t\t\t\t\t<\/div>\n\t\t<\/div>\n\t\t\t\t\t\t\t\t<\/div>\n\t\t\t\t\t<\/div>\n\t\t<\/section>\n\t\t\t\t\t\t<\/div>\n\t\t\t\t\t\t<\/div>\n\t\t\t\t\t<\/div>\n\t\t","protected":false},"excerpt":{"rendered":"<p>Anna zo Spi\u0161skej Novej Vsi:Mesa\u010dn\u00e9 stretnutia s&nbsp;ostatn\u00fdmi \u010dlenkami spolo\u010denstva mi dod\u00e1vaj\u00fa energiu a&nbsp;silu, ktor\u00fa sa sna\u017e\u00edm odovzd\u00e1va\u0165 \u010falej svojej rodine<a class=\"read-more\" href=\"https:\/\/www.sdr.sk\/index.php\/co-mi-dava-clenstvo-v-duchovnej-rodine\/\"\/>\u010c\u00edta\u0165 \u010falej<\/a><\/p>\n","protected":false},"author":1,"featured_media":0,"parent":0,"menu_order":0,"comment_status":"closed","ping_status":"closed","template":"page-templates\/template_nosidebar.php","meta":[],"_links":{"self":[{"href":"https:\/\/www.sdr.sk\/index.php\/wp-json\/wp\/v2\/pages\/559"}],"collection":[{"href":"https:\/\/www.sdr.sk\/index.php\/wp-json\/wp\/v2\/pages"}],"about":[{"href":"https:\/\/www.sdr.sk\/index.php\/wp-json\/wp\/v2\/types\/page"}],"author":[{"embeddable":true,"href":"https:\/\/www.sdr.sk\/index.php\/wp-json\/wp\/v2\/users\/1"}],"replies":[{"embeddable":true,"href":"https:\/\/www.sdr.sk\/index.php\/wp-json\/wp\/v2\/comments?post=559"}],"version-history":[{"count":9,"href":"https:\/\/www.sdr.sk\/index.php\/wp-json\/wp\/v2\/pages\/559\/revisions"}],"predecessor-version":[{"id":967,"href":"https:\/\/www.sdr.sk\/index.php\/wp-json\/wp\/v2\/pages\/559\/revisions\/967"}],"wp:attachment":[{"href":"https:\/\/www.sdr.sk\/index.php\/wp-json\/wp\/v2\/media?parent=559"}],"curies":[{"name":"wp","href":"https:\/\/api.w.org\/{rel}","templated":true}]}}