{"id":14,"date":"2020-11-25T15:34:30","date_gmt":"2020-11-25T14:34:30","guid":{"rendered":"https:\/\/wp.sdr.sk\/?page_id=14"},"modified":"2020-12-09T16:34:31","modified_gmt":"2020-12-09T15:34:31","slug":"historia","status":"publish","type":"page","link":"https:\/\/www.sdr.sk\/index.php\/historia\/","title":{"rendered":"HIST\u00d3RIA"},"content":{"rendered":"\t\t<div data-elementor-type=\"wp-page\" data-elementor-id=\"14\" class=\"elementor elementor-14\" data-elementor-settings=\"[]\">\n\t\t\t\t\t\t<div class=\"elementor-inner\">\n\t\t\t\t\t\t\t<div class=\"elementor-section-wrap\">\n\t\t\t\t\t\t\t<section class=\"elementor-section elementor-top-section elementor-element elementor-element-38423286 elementor-section-boxed elementor-section-height-default elementor-section-height-default\" data-id=\"38423286\" data-element_type=\"section\">\n\t\t\t\t\t\t<div class=\"elementor-container elementor-column-gap-default\">\n\t\t\t\t\t\t\t<div class=\"elementor-row\">\n\t\t\t\t\t<div class=\"elementor-column elementor-col-100 elementor-top-column elementor-element elementor-element-4d8e10e2\" data-id=\"4d8e10e2\" data-element_type=\"column\">\n\t\t\t<div class=\"elementor-column-wrap elementor-element-populated\">\n\t\t\t\t\t\t\t<div class=\"elementor-widget-wrap\">\n\t\t\t\t\t\t<div class=\"elementor-element elementor-element-5e29a1e8 elementor-widget elementor-widget-text-editor\" data-id=\"5e29a1e8\" data-element_type=\"widget\" data-widget_type=\"text-editor.default\">\n\t\t\t\t<div class=\"elementor-widget-container\">\n\t\t\t\t\t<div class=\"elementor-text-editor elementor-clearfix\"><!-- wp:paragraph {\"align\":\"center\"} -->\n<h5 class=\"has-text-align-center\" style=\"text-align: left;\"><strong>Zalo\u017eenie kongreg\u00e1cie<\/strong><\/h5>\n<!-- \/wp:paragraph --><!-- wp:paragraph {\"align\":\"center\"} -->\n<p class=\"has-text-align-center\" style=\"text-align: left;\">Kongreg\u00e1ciu sestier Bo\u017esk\u00e9ho Vykupite\u013ea zalo\u017eila 28. augusta 1849 Al\u017ebeta Eppinger, Matka Alfonza M\u00e1ria, v k\u00fape\u013enom meste Niederbronn, v Alsasku, vo v\u00fdchodnom Franc\u00fazsku. Zakladate\u013eka \u017eila od svojho detstva v hlbokom spojen\u00ed s Bohom. Matka Alfonza M\u00e1ria c\u00edtila cel\u00fdm svojim byt\u00edm, \u017ee je prijat\u00e1 Bohom a n\u00edm milovan\u00e1 so v\u0161etk\u00fdmi \u013eu\u010fmi. Bola hlboko preniknut\u00e1 tajomstvom vyk\u00fapenia. Veden\u00e1 Duchom Sv\u00e4t\u00fdm sa c\u00edtila by\u0165 povolan\u00e1 spolu so svojimi sestrami \u010deli\u0165 n\u00fadzi svojej doby a mnohorak\u00fdmi slu\u017ebami pom\u00e1ha\u0165 \u013eu\u010fom, zvl\u00e1\u0161\u0165 chudobn\u00fdm a chor\u00fdm. Chcela v\u0161etk\u00fdm \u013eu\u010fom darova\u0165 n\u00e1dej a necha\u0165 ich zak\u00fasi\u0165 vykupite\u013esk\u00fa Bo\u017eiu l\u00e1sku. Ustarosten\u00e1 o sp\u00e1su cel\u00e9ho \u013eudstva usilovala sa spolu so svojimi sestrami v Je\u017ei\u0161ovom Duchu o\u0161etrova\u0165 chor\u00fdch v ich domovoch, podporova\u0165 chudobn\u00fdch, stara\u0165 sa o deti, opatrova\u0165 ich a vyu\u010dova\u0165, bezmocn\u00fdm by\u0165 na pomoci a prija\u0165 t\u00fdch, o ktor\u00fdch sa nikto nestar\u00e1. To v\u0161etko robila v\u00a0duchu\u00a0slov Sv\u00e4t\u00e9ho P\u00edsma:<\/p>\n<!-- \/wp:paragraph --><!-- wp:paragraph {\"align\":\"center\"} --><!-- \/wp:paragraph --><!-- wp:paragraph {\"align\":\"center\"} --><!-- \/wp:paragraph --><!-- wp:paragraph {\"align\":\"center\"} --><!-- \/wp:paragraph --><!-- wp:paragraph {\"align\":\"center\"} -->\n<p class=\"has-text-align-center\"><strong><em>\u201e\u010coko\u013evek ste urobili jedn\u00e9mu z\u00a0t\u00fdchto mojich najmen\u0161\u00edch bratov, mne ste urobili.\u201c<\/em><\/strong> <em><strong>(Mt 25, 40)<\/strong><\/em><\/p>\n<!-- \/wp:paragraph --><!-- wp:paragraph -->\n<p>\u00a0<\/p>\n<!-- \/wp:paragraph --><!-- wp:paragraph {\"align\":\"center\"} -->\n<h5 class=\"has-text-align-center\" style=\"text-align: left;\"><strong>1849 &#8211; s\u00fa\u010dasnos\u0165<\/strong><\/h5>\n<!-- \/wp:paragraph --><!-- wp:paragraph -->\n<p>V\u017edy viac prib\u00fadalo sestier do spolo\u010denstiev, \u010d\u00edm sa kongreg\u00e1cia \u0161\u00edrila. O\u00a0sestr\u00e1ch sa roz\u0161\u00edril dobr\u00fd ch\u00fdr a\u00a0z\u00e1ujem. Tak prosili biskupi zakladate\u013eku o\u00a0sestry pre W\u00fcrzburg, Viede\u0148 a \u0160opro\u0148. Pod vplyvom doby a\u00a0miestnych pomerov sa vyvinuli viacer\u00e9 kongreg\u00e1cie, ktor\u00e9 \u017eij\u00fa spiritualitu\u00a0Matky Alfonzy M\u00e1rie. Na\u0161e reho\u013en\u00e9 spolo\u010denstvo je od roku 1867 samostatnou kongreg\u00e1ciou, s matersk\u00fdm domom v \u0160oproni, v diec\u00e9ze Gy\u00f6r, Ma\u010farsko. Kv\u00f4li politickej situ\u00e1cii v\u00a0Ma\u010farsku je od roku 1955 s\u00eddlo gener\u00e1lneho vedenia v R\u00edme. Duchovn\u00e9 spojenie a\u00a0vz\u0165ahy medzi sestrami spolo\u010denstiev, ktor\u00e9 vznikli zo zalo\u017eenia v\u00a0Niederbronne, jestvuj\u00fa e\u0161te dnes a\u00a0nanovo sa prehlbuj\u00fa.<\/p>\n<!-- \/wp:paragraph --><!-- wp:paragraph -->\n<h5><strong>Priebeh v\u00fdvoja na\u0161ej Kongreg\u00e1cie\u00a0\u00a0<\/strong><\/h5>\n<!-- \/wp:paragraph --><!-- wp:paragraph -->\n<p>Biskup z Gy\u00f6r (Raab), J\u00e1n \u0160imor, spoznal Niederbronnsk\u00e9 sestry, p\u00f4sobiace \u00a0od roku 1857 aj vo Viedni, cez kardin\u00e1la Rauschera. V roku 1863 prosil o sestry pre mesto \u0160opro\u0148 (\u00d6denburg). D\u0148a 19. m\u00e1ja 1863 pri\u0161li \u0161tyri sestry do \u0160oprone, kde b\u00fdvali v\u00a0biskupskom dome. Sr. Basilissa G\u00fcrtler bola prvou predstavenou. \u00dalohou sestier bola starostlivos\u0165 o\u00a0opusten\u00fdch chor\u00fdch a\u00a0det\u00ed a\u00a0v\u00fdchova sir\u00f4t.<\/p>\n<!-- \/wp:paragraph --><!-- wp:paragraph --><!-- \/wp:paragraph --><!-- wp:paragraph -->\n<p>V m\u00e1ji 1865 nav\u0161t\u00edvila matka Alfonza M\u00e1rie svoje sestry v \u0160oproni, \u010do pre v\u0161etk\u00fdch znamenalo ve\u013ek\u00fa rados\u0165, preto\u017ee prv\u00e9 p\u00f4sobiace sestry v Ma\u010farsku si robili novici\u00e1t e\u0161te pri matke Alfonze M\u00e1rii v\u00a0Niederbronne. Priestor pre tak ve\u013ek\u00fd po\u010det sir\u00f4t znova nezodpovedal. Sestry z\u00edskali d\u0148a 31. 5. 1866 dom za hradbami, ktor\u00fd zostal a\u017e do roku 1950 matersk\u00fdm domom kongreg\u00e1cie. Dekr\u00e9tom z 13. j\u00fana 1867 biskup \u0160imor vyhl\u00e1sil \u0161poronsk\u00fd dom za nez\u00e1visl\u00fd a\u00a0postavil ho pod vlastn\u00fa jurisdikciu. T\u00fdmto sa za\u010d\u00edna samostatn\u00fd v\u00fdvoj kongreg\u00e1cie.<\/p>\n<!-- \/wp:paragraph --><!-- wp:paragraph -->\n<p>V\u00a0roku 1871 malo spolo\u010denstvo v \u0160oproni 26 sestier. Sestry o\u0161etrovali\u00a0chor\u00fdch v\u00a0ich domoch, starali sa o\u00a0deti, zvl\u00e1\u0161\u0165 sa venovali v\u00fdchove sir\u00f4t. Zaveden\u00edm \u00a0povinnej \u0161kolskej doch\u00e1dzky v\u00a0Rak\u00fasko-Uhorskej monarchii (1868) za\u010dali sestry s\u00a0vyu\u010dovan\u00edm \u00a0chudobn\u00fdch det\u00ed v \u0161kol\u00e1ch, predov\u0161etk\u00fdm na dedin\u00e1ch.<\/p>\n<!-- \/wp:paragraph --><!-- wp:paragraph -->\n<p>Za prv\u00fa gener\u00e1lnu predstaven\u00fa kongreg\u00e1cie bola zvolen\u00e1 v roku 1874 sr. Evergilla Gossi. Po\u010das jej \u00faradu bolo zalo\u017een\u00fdch prv\u00fdch osem reho\u013en\u00fdch domov. V\u00a0roku 1885 bola zvolen\u00e1 za gener\u00e1lnu predstaven\u00fa sr. Stanislaa Steinmayer. V\u00a0jej \u00faradnom obdob\u00ed do roku 1921 sa kongreg\u00e1cia vidite\u013ene rozv\u00edjala. Za jej \u00faradn\u00e9ho obdobia bolo zalo\u017een\u00fdch 43 reho\u013en\u00fdch domov. V rokoch 1886-1887 bol postaven\u00fd matersk\u00fd kostol a\u00a0bol roz\u0161\u00edren\u00fd matersk\u00fd dom.<\/p>\n<!-- \/wp:paragraph --><!-- wp:paragraph -->\n<p>Po rozpade Rak\u00fasko-Uhorskej monarchie mala kongreg\u00e1cia reho\u013en\u00e9 domy v \u0161tyroch r\u00f4znych \u0161t\u00e1toch a\u00a0od roku 1912 za\u010dali sestry p\u00f4sobi\u0165 aj v\u00a0 Spojen\u00fdch \u0161t\u00e1toch americk\u00fdch.<\/p>\n<!-- \/wp:paragraph --><!-- wp:paragraph -->\n<p>V\u00a0\u010dase prvej svetovej vojny boli vo viacer\u00fdch \u0161kol\u00e1ch vojnov\u00e9 lazarety a\u00a0v\u00a0materskom dome bola zriaden\u00e1 nemocnica \u010cerven\u00e9ho kr\u00ed\u017ea, kde bolo o\u0161etren\u00fdch ve\u013ea zranen\u00fdch vojakov.<\/p>\n<!-- \/wp:paragraph --><!-- wp:paragraph -->\n<h5><strong>Zriadenie provinci\u00ed<\/strong><\/h5>\n<!-- \/wp:paragraph --><!-- wp:paragraph -->\n<p>Pre nov\u00e9 \u0161t\u00e1tne hranice po prvej svetovej vojne bolo nevyhnutn\u00e9 zriadi\u0165 provincie. Sr. Bonavent\u00fara Maurer bola zvolen\u00e1 v\u00a0roku 1921 za nov\u00fa gener\u00e1lnu predstaven\u00fa, ktor\u00e1 zostala v\u00a0\u00farade do roku 1939. Pripravovala zriadenie provinci\u00ed a usilovala sa o \u010fal\u0161\u00ed rozvoj kongreg\u00e1cie.<\/p>\n<!-- \/wp:paragraph --><!-- wp:paragraph -->\n<p>\u00a0V\u00a0roku 1924 potvrdila Kongreg\u00e1cia pre reho\u013en\u00edkov v\u00a0R\u00edme zriadenie nasleduj\u00facich \u00a0provinci\u00ed:<\/p>\n<!-- \/wp:paragraph --><!-- wp:paragraph -->\n<p>\u00a0\u00a0\u00a0 &#8211; Ma\u010farsk\u00e1 provincia\u00a0s\u00a0matersk\u00fdm domom v \u0160oproni\/\u00d6denburg,\u00a0general\u00e1t;<\/p>\n<!-- \/wp:paragraph --><!-- wp:paragraph -->\n<p>\u00a0\u00a0\u00a0 &#8211; Rak\u00faska provincia\u00a0s\u00a0provinci\u00e1lnym domom v\u00a0Eisenstadte;<\/p>\n<!-- \/wp:paragraph --><!-- wp:paragraph -->\n<p>\u00a0\u00a0\u00a0 &#8211; Slovensk\u00e1 provincia\u00a0s\u00a0provinci\u00e1lnym domom v\u00a0Nov\u00fdch\u00a0Z\u00e1mkoch;<\/p>\n<!-- \/wp:paragraph --><!-- wp:paragraph -->\n<p>\u00a0\u00a0\u00a0 &#8211;\u00a0Americk\u00e1 provincia\u00a0s\u00a0provinci\u00e1lnym domom v Elizabeth,\u00a0Pennsylvania.<\/p>\n<!-- \/wp:paragraph --><!-- wp:paragraph -->\n<p>\u00a0V\u00a0Juhosl\u00e1vii mala kongreg\u00e1cia 2 domy s\u00a030 sestrami. Tieto boli nesk\u00f4r zru\u0161en\u00e9.<\/p>\n<!-- \/wp:paragraph --><!-- wp:paragraph -->\n<p>V\u00a0roku 1925 mala kongreg\u00e1cia 4 provincie, 622 sestier, 73 noviciek a\u00a062 reho\u013en\u00fdch domov.<\/p>\n<!-- \/wp:paragraph --><!-- wp:paragraph -->\n<p><em>(Zdroj: General\u00e1t SDR, Zastavenia na ceste)<\/em><\/p>\n<!-- \/wp:paragraph --><!-- wp:paragraph -->\n<h5><strong>Slovensk\u00e1 provincia<\/strong><\/h5>\n<!-- \/wp:paragraph --><!-- wp:paragraph -->\n<p>Sestry svoj\u00edm z\u00e1palom na poli apo\u0161tol\u00e1tu vedeli nadchn\u00fa\u0165 mlad\u00e9 diev\u010dat\u00e1 pre povolanie k\u00a0reho\u013en\u00e9mu \u017eivotu. V\u00a0roku 1924 sa do reho\u013enej form\u00e1cie prihl\u00e1silo osem diev\u010dat. v\u010faka prib\u00fadaj\u00facemu dorastu a\u00a0po jeho d\u00f4kladnej form\u00e1cii bolo mo\u017en\u00e9 \u00eds\u0165 na nov\u00e9 p\u00f4sobisk\u00e1. Provinci\u00e1lna predstaven\u00e1 sr. Ildefonza mohla postupne otvori\u0165 14 nov\u00fdch komun\u00edt.<\/p>\n<!-- \/wp:paragraph --><!-- wp:paragraph -->\n<p>Predstaven\u00e9 videli, \u017ee popri bohatej apo\u0161tolskej \u010dinnosti je potrebn\u00e9 ma\u0165 aj vlastn\u00fd provinci\u00e1lny dom. Od roku 1930 n\u00edm bol \u0165a\u017eko vystavan\u00fd dom v\u00a0Nov\u00fdch Z\u00e1mkoch. Napriek ve\u013ek\u00fdm \u0165a\u017ekostiam, Boh odme\u0148oval d\u00f4veru sestier st\u00e1le v\u00e4\u010d\u0161\u00edm po\u010dtom kandid\u00e1tok na reho\u013en\u00fd \u017eivot.<\/p>\n<!-- \/wp:paragraph --><!-- wp:paragraph -->\n<p>Na svetovej sc\u00e9ne sa ch\u00fdlilo k\u00a02. svetovej vojne a\u00a0v\u00a0roku 1938 po tzv. Viedenskej arbitr\u00e1\u017ei nastala zmena hran\u00edc Slovenska. Ju\u017en\u00e9 pohrani\u010die Slovenska pripadlo Ma\u010farsku a\u00a0n\u00edm aj Nov\u00e9 Z\u00e1mky, preto sa provinci\u00e1lny dom presunul do Spi\u0161skej Novej Vsi. Za provinci\u00e1lnu predstaven\u00fa bola vymenovan\u00e1 sr. Okt\u00e1via Majzonov\u00e1 a\u00a0tento \u00farad zast\u00e1vala dlh\u00fdch 25 rokov.<\/p>\n<!-- \/wp:paragraph --><!-- wp:paragraph -->\n<p>Kontakt provinci\u00e1lnej predstavenej s\u00a0najvy\u0161\u0161\u00edmi predstaven\u00fdmi v\u00a0Ma\u010farsku bol v\u00a0\u010dase menovania do \u00faradu z\u00a0politick\u00fdch d\u00f4vodov \u00faplne znemo\u017enen\u00fd. Preto sr. Okt\u00e1via po\u017eiadala R\u00edm o\u00a0schv\u00e1lenie Regional\u00e1tu. Stala sa tak region\u00e1lnou predstavenou.<\/p>\n<!-- \/wp:paragraph --><!-- wp:paragraph -->\n<p>V\u00a0\u010dase druhej svetovej vojny nastala pre sestry v\u00a0nemocniciach ve\u013emi \u0165a\u017ek\u00e1 situ\u00e1cia. Boli n\u00faten\u00e9 osta\u0165 v\u00a0nemocniciach. Sestry u\u010dite\u013eky o\u0161etrovali ranen\u00fdch vojakov v\u00a0proviz\u00f3rnych nemocniciach, ktor\u00e9 boli v\u00a0budov\u00e1ch \u0161k\u00f4l. V\u00a0roku 1945 sa cirkevn\u00e9 \u0161koly po\u0161t\u00e1tnili a\u00a0nastupuj\u00faca komunistick\u00e1 moc d\u00e1vala sestr\u00e1m u\u010dite\u013ek\u00e1m prekladacie dekr\u00e9ty do miest, kde nemali svoje komunity. Ke\u010f\u017ee boli viazan\u00e9 spolo\u010dn\u00fdm \u017eivotom, prelo\u017eenia jednoducho neprij\u00edmali. Niektor\u00e9 sestry ostali bez pr\u00e1ce a\u00a0bez ak\u00e9hoko\u013evek pr\u00edjmu. Pevne v\u0161ak d\u00f4verovali v\u00a0Bo\u017eiu prozrete\u013enos\u0165.<\/p>\n<!-- \/wp:paragraph --><!-- wp:paragraph -->\n<p>V\u00a0roku 1949 \u0161t\u00e1tna moc jednoducho zhabala v\u0161etky s\u013eubne sa rozv\u00edjaj\u00face reho\u013en\u00e9 v\u00fdchovn\u00e9 \u00fastavy. Po tomto kroku za\u010dali komunisti v\u00a0jeseni\u00a0 o\u00a0to smel\u0161ie pripravova\u0165 systematick\u00fa likvid\u00e1ciu v\u0161etk\u00fdch reh\u00f4\u013e v\u00a0celom \u010ceskoslovensku. Sestry u\u010dite\u013eky dostali v\u00a0j\u00fani 1950 prep\u00fa\u0161\u0165acie dekr\u00e9ty. Postupne boli sestry deportovan\u00e9 a s\u00fastreden\u00e9 vo fabrik\u00e1ch. Star\u0161ie sestry boli s\u00fastreden\u00e9 v\u00a0kl\u00e1\u0161toroch, ktor\u00e9 boli od roku 1952 pomenovan\u00e9 ako charitn\u00e9 domovy. Aj ke\u010f pod\u013ea \u013eudsk\u00fdch predst\u00e1v mal reho\u013en\u00fd \u017eivot presta\u0165 existova\u0165, Boh, ktor\u00fd jedin\u00fd m\u00f4\u017ee da\u0165 dar a\u00a0milos\u0165 povolania, jednoducho povol\u00e1val a\u00a0ten, kto ju v\u00a0sebe spoznal, nevedel osta\u0165 vo\u010di nemu \u013eahostajn\u00fd.<\/p>\n<!-- \/wp:paragraph --><!-- wp:paragraph -->\n<p>Odmenou za pr\u00e1cu v\u00a0tov\u00e1r\u0148ach bol od roku 1958 \u00dastav soci\u00e1ln\u00ed p\u00e9\u010de na Velehrade. S\u00a0podlomen\u00fdm zdrav\u00edm tu pri\u0161la aj sr. Okt\u00e1via, ktor\u00e1 v\u00a0roku 1963 zomrela. \u00darad region\u00e1lnej predstavenej prevzala sr. Leon\u00f3ra Pint\u00e9rov\u00e1.<\/p>\n<!-- \/wp:paragraph --><!-- wp:paragraph -->\n<p>Do roku 1969 bolo v\u00a0platnosti dovolenie o\u00a0zriaden\u00ed Regional\u00e1tu na na\u0161om \u00fazem\u00ed z\u00a0roku 1943 schv\u00e1len\u00e9 Kongreg\u00e1ciou pre reho\u013en\u00edkov v\u00a0R\u00edme. Po udalostiach \u201ePra\u017eskej jari\u201c a\u00a0ur\u010ditom politickom uvo\u013enen\u00ed v\u00a0roku 1969 Region\u00e1lna rada po\u017eiadala o\u00a0znovupri\u010dlenenie Regional\u00e1tu ku General\u00e1tu.<\/p>\n<!-- \/wp:paragraph --><!-- wp:paragraph -->\n<p>V\u00a0roku 1975 zomrela sr. Leon\u00f3ra a\u00a0gener\u00e1lna predstaven\u00e1 vymenovala nov\u00fa provinci\u00e1lnu predstaven\u00fa na\u0161ej provincie \u2013 sr. Claudiu Brajerov\u00fa a\u00a0nov\u00fdm s\u00eddlom provincie sa stalo Vr\u00edcko. Boh aj v\u00a0\u010dase normaliz\u00e1cie povol\u00e1val do na\u0161ej kongreg\u00e1cie mlad\u00e9 diev\u010dat\u00e1, i\u00a0ke\u010f \u00faradn\u00e9 prij\u00edmanie nov\u00fdch \u010dleniek nebolo mo\u017en\u00e9. Reho\u013en\u00fd dorast sa formoval tajne. V\u00a0priebehu takmer dvadsiatich rokov (1969 \u2013 1989), v\u00a0\u010dase prenasledovania a\u00a0\u00fatlaku, vst\u00fapilo do na\u0161ej kongreg\u00e1cie 129 kandid\u00e1tok.<\/p>\n<!-- \/wp:paragraph --><!-- wp:paragraph -->\n<p>D\u0148a 17. novembra 1989 sa oslaben\u00fd komunistick\u00fd re\u017eim za\u010dal r\u00faca\u0165. Tajn\u00ed reho\u013en\u00edci v\u00a0celej vlasti nev\u00e1hali a\u00a0hne\u010f koncom roka 1989 sa verejne hl\u00e1sili k\u00a0svojej reholi. Ve\u013ek\u00fa rados\u0165 a\u00a0\u00fa\u017eas pre\u017e\u00edvali mnoh\u00ed rodi\u010dia a\u00a0spolupracovn\u00edci tajne formovan\u00fdch reho\u013en\u00edkov, reho\u013en\u00fdch sestier a\u00a0k\u0148azov, ktor\u00ed v\u00e4\u010d\u0161inou o\u00a0ni\u010dom nevedeli.<\/p>\n<!-- \/wp:paragraph --><!-- wp:paragraph -->\n<p>Za\u010dal sa \u017eivot v\u00a0rodiacej sa slobode a\u00a0za\u010dala sa p\u00edsa\u0165 aj nov\u00e1 kapitola dej\u00edn na\u0161ej provincie. Provinci\u00e1lnemu vedeniu pripadla \u00faloha rozosielania sestier na nov\u00e9 miesta ur\u010denia. V\u0161etky rehole \u017eiadali o\u00a0navr\u00e1tenie budov svojich kl\u00e1\u0161torov, aj ke\u010f mnoh\u00e9 budovy boli v\u00a0dezol\u00e1tnom stave. Oprava domu v\u00a0Spi\u0161skej Novej Vsi trvala nieko\u013eko rokov, ale v\u0161etci mali rados\u0165 z\u00a0n\u00e1vratu sestier.<\/p>\n<!-- \/wp:paragraph --><!-- wp:paragraph -->\n<p><em>(Zdroj: V\u00a0slu\u017eb\u00e1ch Vykupite\u013ea)<\/em><\/p>\n<!-- \/wp:paragraph --><!-- wp:paragraph -->\n<p>V\u00a0roku 1991 bola menovan\u00e1 do \u00faradu provinci\u00e1lnej predstavenej sr. Patr\u00edcia \u010cop\u0148\u00e1kov\u00e1, v\u00a0roku 1994 sr. Emanuela Mindov\u00e1. Historick\u00fdm d\u0148om mo\u017eno nazva\u0165 1. september 1994, ke\u010f sa vedenie provincie mohlo ofici\u00e1lne vr\u00e1ti\u0165 do\u00a0p\u00f4vodn\u00e9ho s\u00eddla provincie v\u00a0Spi\u0161skej Novej Vsi, aby odtia\u013e riadilo \u010dinnos\u0165 svojich sestier roztr\u00fasen\u00fdch vo vlasti a\u00a0za\u00a0jej hranicami. Provinci\u00e1lny dom je to a\u017e do dne\u0161n\u00fdch \u010dias. V\u00a0rokoch 2006 \u2013 2012 provinciu viedla sr. \u0160kolastika \u0160tut\u00edkov\u00e1, po jej \u00faradnom obdob\u00ed \u0148ou je sr. D\u00e1ria Motykov\u00e1. V\u00a0provinci\u00e1lnom dome je zriaden\u00fd aj novici\u00e1t.<\/p>\n<!-- \/wp:paragraph --><!-- wp:paragraph -->\n<p>Dnes m\u00e1 Slovensk\u00e1 provincia 16 komun\u00edt na Slovensku.<\/p>\n<!-- \/wp:paragraph --><!-- wp:paragraph -->\n<p>\u00a0<\/p>\n<!-- \/wp:paragraph --><!-- wp:paragraph -->\n<h5><strong>Historick\u00fd kalend\u00e1r<\/strong><\/h5>\n<!-- \/wp:paragraph --><!-- wp:paragraph -->\n<p>\u00a0\u2022\u00a0\u00a0\u00a0\u00a0\u00a0\u00a0\u00a09. 9. 1814 \u2013 v Niederbronne sa narodila Al\u017ebeta Eppingerov\u00e1<\/p>\n<!-- \/wp:paragraph --><!-- wp:paragraph -->\n<p>\u2022\u00a0\u00a0\u00a0\u00a0\u00a0\u00a0\u00a028. 8. 1849 \u2013 Al\u017ebeta Eppingerov\u00e1 \u2013 Matka Alfonza M\u00e1ria zaklad\u00e1 kongreg\u00e1ciu<\/p>\n<!-- \/wp:paragraph --><!-- wp:paragraph -->\n<p>\u2022\u00a0\u00a0\u00a0\u00a0\u00a0\u00a0\u00a015. 5. 1863 \u2013 pr\u00edchod prv\u00fdch sestier do \u0160oprone<\/p>\n<!-- \/wp:paragraph --><!-- wp:paragraph -->\n<p>\u2022\u00a0\u00a0\u00a0\u00a0\u00a0\u00a0\u00a013. 6. 1867 \u2013 osamostatnenie \u0160oprone<\/p>\n<!-- \/wp:paragraph --><!-- wp:paragraph -->\n<p>\u2022\u00a0\u00a0\u00a0\u00a0\u00a0\u00a0\u00a01875 \u2013 pr\u00edchod prv\u00fdch sestier na \u00fazemie dne\u0161n\u00e9ho Slovenska do Nov\u00fdch\u00a0Z\u00e1mkov<\/p>\n<!-- \/wp:paragraph --><!-- wp:paragraph -->\n<p>\u2022\u00a0\u00a0\u00a0\u00a0\u00a0\u00a0\u00a016. 2. 1924 \u2013 vytvorenie provinci\u00ed; s\u00eddlo \u010ceskoslovenskej provincie je v Nov\u00fdch Z\u00e1mkoch<\/p>\n<!-- \/wp:paragraph --><!-- wp:paragraph -->\n<p>\u2022\u00a0\u00a0\u00a0\u00a0\u00a0\u00a0\u00a016. 8. 1927 \u2013 pr\u00edchod sestier do Spi\u0161skej Novej Vsi<\/p>\n<!-- \/wp:paragraph --><!-- wp:paragraph -->\n<p>\u2022\u00a0\u00a0\u00a0\u00a0\u00a0\u00a0\u00a01938 \u2013 v d\u00f4sledku posunu hran\u00edc medzi \u010ceskoslovenskom a Ma\u010farskom sa nov\u00fdm s\u00eddlom provincie st\u00e1va Spi\u0161sk\u00e1 Nov\u00e1 Ves<\/p>\n<!-- \/wp:paragraph --><!-- wp:paragraph -->\n<p>\u2022\u00a0\u00a0\u00a0\u00a0\u00a0\u00a0\u00a02. 6. 1940 \u2013 schv\u00e1lenie Kon\u0161tit\u00faci\u00ed v R\u00edme<\/p>\n<!-- \/wp:paragraph --><!-- wp:paragraph -->\n<p>\u2022\u00a0\u00a0\u00a0\u00a0\u00a0\u00a0\u00a029. 8. 1950 \u2013 n\u00e1siln\u00e9 preru\u0161enie \u010dinnosti sestier v \u0161kol\u00e1ch a za\u010diatok koncentr\u00e1cie v s\u00fastre\u010fovac\u00edch t\u00e1boroch pod doh\u013eadom komunistickej \u0161t\u00e1tnej\u00a0bezpe\u010dnosti<\/p>\n<!-- \/wp:paragraph --><!-- wp:paragraph -->\n<p>\u2022\u00a0\u00a0\u00a0\u00a0\u00a0\u00a0\u00a01969 &#8211; po uvo\u013enen\u00ed politick\u00e9ho nap\u00e4tia boli po dlh\u00fdch rokoch ofici\u00e1lne prijat\u00e9\u00a0prv\u00e9 postulantky<\/p>\n<!-- \/wp:paragraph --><!-- wp:paragraph -->\n<p>\u2022\u00a0\u00a0\u00a0\u00a0\u00a0\u00a0\u00a01970 \u2013 za\u010diatok \u201enormaliza\u010dn\u00e9ho procesu\u201c, po ktorom boli do kongreg\u00e1cie prij\u00edman\u00e9 nov\u00e9 postulantky iba tajne<\/p>\n<!-- \/wp:paragraph --><!-- wp:paragraph -->\n<p>\u2022\u00a0\u00a0\u00a0\u00a0\u00a0\u00a01989 \u2013 politick\u00e1 situ\u00e1cia umo\u017e\u0148uje sestr\u00e1m znovu sa slobodne\u00a0rozv\u00edja\u0165 a apo\u0161tolsky p\u00f4sobi\u0165<\/p>\n<!-- \/wp:paragraph --><\/div>\n\t\t\t\t<\/div>\n\t\t\t\t<\/div>\n\t\t\t\t\t\t<\/div>\n\t\t\t\t\t<\/div>\n\t\t<\/div>\n\t\t\t\t\t\t\t\t<\/div>\n\t\t\t\t\t<\/div>\n\t\t<\/section>\n\t\t\t\t<section class=\"elementor-section elementor-top-section elementor-element elementor-element-21d2443 elementor-section-boxed elementor-section-height-default elementor-section-height-default\" data-id=\"21d2443\" data-element_type=\"section\">\n\t\t\t\t\t\t<div class=\"elementor-container elementor-column-gap-default\">\n\t\t\t\t\t\t\t<div class=\"elementor-row\">\n\t\t\t\t\t<div class=\"elementor-column elementor-col-50 elementor-top-column elementor-element elementor-element-d792a5a\" data-id=\"d792a5a\" data-element_type=\"column\">\n\t\t\t<div class=\"elementor-column-wrap\">\n\t\t\t\t\t\t\t<div class=\"elementor-widget-wrap\">\n\t\t\t\t\t\t\t\t<\/div>\n\t\t\t\t\t<\/div>\n\t\t<\/div>\n\t\t\t\t<div class=\"elementor-column elementor-col-50 elementor-top-column elementor-element elementor-element-ac25aab\" data-id=\"ac25aab\" data-element_type=\"column\">\n\t\t\t<div class=\"elementor-column-wrap\">\n\t\t\t\t\t\t\t<div class=\"elementor-widget-wrap\">\n\t\t\t\t\t\t\t\t<\/div>\n\t\t\t\t\t<\/div>\n\t\t<\/div>\n\t\t\t\t\t\t\t\t<\/div>\n\t\t\t\t\t<\/div>\n\t\t<\/section>\n\t\t\t\t<section class=\"elementor-section elementor-top-section elementor-element elementor-element-46aa06c elementor-section-boxed elementor-section-height-default elementor-section-height-default\" data-id=\"46aa06c\" data-element_type=\"section\">\n\t\t\t\t\t\t<div class=\"elementor-container elementor-column-gap-default\">\n\t\t\t\t\t\t\t<div class=\"elementor-row\">\n\t\t\t\t\t<div class=\"elementor-column elementor-col-100 elementor-top-column elementor-element elementor-element-50d3f56\" data-id=\"50d3f56\" data-element_type=\"column\">\n\t\t\t<div class=\"elementor-column-wrap elementor-element-populated\">\n\t\t\t\t\t\t\t<div class=\"elementor-widget-wrap\">\n\t\t\t\t\t\t<div class=\"elementor-element elementor-element-d4a8838 elementor-widget elementor-widget-image-gallery\" data-id=\"d4a8838\" data-element_type=\"widget\" data-widget_type=\"image-gallery.default\">\n\t\t\t\t<div class=\"elementor-widget-container\">\n\t\t\t\t\t<div class=\"elementor-image-gallery\">\n\t\t\t<div id='gallery-1' class='gallery galleryid-14 gallery-columns-4 gallery-size-elfie-400x400'><figure class='gallery-item'>\n\t\t\t<div class='gallery-icon landscape'>\n\t\t\t\t<a data-elementor-open-lightbox=\"yes\" data-elementor-lightbox-slideshow=\"d4a8838\" data-elementor-lightbox-title=\"Sp. Nov\u00e1 Ves\" href='https:\/\/www.sdr.sk\/wp-content\/uploads\/2020\/12\/Sp.-Nova-Ves-scaled.jpg'><img width=\"400\" height=\"400\" src=\"https:\/\/www.sdr.sk\/wp-content\/uploads\/2020\/12\/Sp.-Nova-Ves-400x400.jpg\" class=\"attachment-elfie-400x400 size-elfie-400x400\" alt=\"\" loading=\"lazy\" srcset=\"https:\/\/www.sdr.sk\/wp-content\/uploads\/2020\/12\/Sp.-Nova-Ves-400x400.jpg 400w, https:\/\/www.sdr.sk\/wp-content\/uploads\/2020\/12\/Sp.-Nova-Ves-150x150.jpg 150w\" sizes=\"(max-width: 400px) 100vw, 400px\" \/><\/a>\n\t\t\t<\/div><\/figure><figure class='gallery-item'>\n\t\t\t<div class='gallery-icon landscape'>\n\t\t\t\t<a data-elementor-open-lightbox=\"yes\" data-elementor-lightbox-slideshow=\"d4a8838\" data-elementor-lightbox-title=\"Velehrad\" href='https:\/\/www.sdr.sk\/wp-content\/uploads\/2020\/12\/Velehrad.jpg'><img width=\"400\" height=\"400\" src=\"https:\/\/www.sdr.sk\/wp-content\/uploads\/2020\/12\/Velehrad-400x400.jpg\" class=\"attachment-elfie-400x400 size-elfie-400x400\" alt=\"\" loading=\"lazy\" srcset=\"https:\/\/www.sdr.sk\/wp-content\/uploads\/2020\/12\/Velehrad-400x400.jpg 400w, https:\/\/www.sdr.sk\/wp-content\/uploads\/2020\/12\/Velehrad-150x150.jpg 150w\" sizes=\"(max-width: 400px) 100vw, 400px\" \/><\/a>\n\t\t\t<\/div><\/figure><figure class='gallery-item'>\n\t\t\t<div class='gallery-icon portrait'>\n\t\t\t\t<a data-elementor-open-lightbox=\"yes\" data-elementor-lightbox-slideshow=\"d4a8838\" data-elementor-lightbox-title=\"Sp Stvrtok \u2013 k\u00f3pia\" href='https:\/\/www.sdr.sk\/wp-content\/uploads\/2020\/12\/Sp-Stvrtok-\u2013-kopia.jpg'><img width=\"400\" height=\"400\" src=\"https:\/\/www.sdr.sk\/wp-content\/uploads\/2020\/12\/Sp-Stvrtok-\u2013-kopia-400x400.jpg\" class=\"attachment-elfie-400x400 size-elfie-400x400\" alt=\"\" loading=\"lazy\" srcset=\"https:\/\/www.sdr.sk\/wp-content\/uploads\/2020\/12\/Sp-Stvrtok-\u2013-kopia-400x400.jpg 400w, https:\/\/www.sdr.sk\/wp-content\/uploads\/2020\/12\/Sp-Stvrtok-\u2013-kopia-150x150.jpg 150w\" sizes=\"(max-width: 400px) 100vw, 400px\" \/><\/a>\n\t\t\t<\/div><\/figure><figure class='gallery-item'>\n\t\t\t<div class='gallery-icon landscape'>\n\t\t\t\t<a data-elementor-open-lightbox=\"yes\" data-elementor-lightbox-slideshow=\"d4a8838\" data-elementor-lightbox-title=\"1947 Levoca - sprievod postulantiek \u2013 k\u00f3pia\" href='https:\/\/www.sdr.sk\/wp-content\/uploads\/2020\/12\/1947-Levoca-sprievod-postulantiek-\u2013-kopia.jpg'><img width=\"400\" height=\"400\" src=\"https:\/\/www.sdr.sk\/wp-content\/uploads\/2020\/12\/1947-Levoca-sprievod-postulantiek-\u2013-kopia-400x400.jpg\" class=\"attachment-elfie-400x400 size-elfie-400x400\" alt=\"\" loading=\"lazy\" srcset=\"https:\/\/www.sdr.sk\/wp-content\/uploads\/2020\/12\/1947-Levoca-sprievod-postulantiek-\u2013-kopia-400x400.jpg 400w, https:\/\/www.sdr.sk\/wp-content\/uploads\/2020\/12\/1947-Levoca-sprievod-postulantiek-\u2013-kopia-150x150.jpg 150w\" sizes=\"(max-width: 400px) 100vw, 400px\" \/><\/a>\n\t\t\t<\/div><\/figure><figure class='gallery-item'>\n\t\t\t<div class='gallery-icon landscape'>\n\t\t\t\t<a data-elementor-open-lightbox=\"yes\" data-elementor-lightbox-slideshow=\"d4a8838\" data-elementor-lightbox-title=\"1949 08 28 obliecka Levoca \u2013 k\u00f3pia\" href='https:\/\/www.sdr.sk\/wp-content\/uploads\/2020\/12\/1949-08-28-obliecka-Levoca-\u2013-kopia.jpg'><img width=\"400\" height=\"400\" src=\"https:\/\/www.sdr.sk\/wp-content\/uploads\/2020\/12\/1949-08-28-obliecka-Levoca-\u2013-kopia-400x400.jpg\" class=\"attachment-elfie-400x400 size-elfie-400x400\" alt=\"\" loading=\"lazy\" srcset=\"https:\/\/www.sdr.sk\/wp-content\/uploads\/2020\/12\/1949-08-28-obliecka-Levoca-\u2013-kopia-400x400.jpg 400w, https:\/\/www.sdr.sk\/wp-content\/uploads\/2020\/12\/1949-08-28-obliecka-Levoca-\u2013-kopia-150x150.jpg 150w\" sizes=\"(max-width: 400px) 100vw, 400px\" \/><\/a>\n\t\t\t<\/div><\/figure><figure class='gallery-item'>\n\t\t\t<div class='gallery-icon landscape'>\n\t\t\t\t<a data-elementor-open-lightbox=\"yes\" data-elementor-lightbox-slideshow=\"d4a8838\" data-elementor-lightbox-title=\"1961 \u2013 k\u00f3pia\" href='https:\/\/www.sdr.sk\/wp-content\/uploads\/2020\/12\/1961-\u2013-kopia.jpg'><img width=\"400\" height=\"400\" src=\"https:\/\/www.sdr.sk\/wp-content\/uploads\/2020\/12\/1961-\u2013-kopia-400x400.jpg\" class=\"attachment-elfie-400x400 size-elfie-400x400\" alt=\"\" loading=\"lazy\" srcset=\"https:\/\/www.sdr.sk\/wp-content\/uploads\/2020\/12\/1961-\u2013-kopia-400x400.jpg 400w, https:\/\/www.sdr.sk\/wp-content\/uploads\/2020\/12\/1961-\u2013-kopia-150x150.jpg 150w\" sizes=\"(max-width: 400px) 100vw, 400px\" \/><\/a>\n\t\t\t<\/div><\/figure><figure class='gallery-item'>\n\t\t\t<div class='gallery-icon landscape'>\n\t\t\t\t<a data-elementor-open-lightbox=\"yes\" data-elementor-lightbox-slideshow=\"d4a8838\" data-elementor-lightbox-title=\"1969 03 06 p. \u0160pak \u2013 k\u00f3pia\" href='https:\/\/www.sdr.sk\/wp-content\/uploads\/2020\/12\/1969-03-06-p.-Spak-\u2013-kopia.jpg'><img width=\"400\" height=\"400\" src=\"https:\/\/www.sdr.sk\/wp-content\/uploads\/2020\/12\/1969-03-06-p.-Spak-\u2013-kopia-400x400.jpg\" class=\"attachment-elfie-400x400 size-elfie-400x400\" alt=\"\" loading=\"lazy\" srcset=\"https:\/\/www.sdr.sk\/wp-content\/uploads\/2020\/12\/1969-03-06-p.-Spak-\u2013-kopia-400x400.jpg 400w, https:\/\/www.sdr.sk\/wp-content\/uploads\/2020\/12\/1969-03-06-p.-Spak-\u2013-kopia-150x150.jpg 150w\" sizes=\"(max-width: 400px) 100vw, 400px\" \/><\/a>\n\t\t\t<\/div><\/figure><figure class='gallery-item'>\n\t\t\t<div class='gallery-icon landscape'>\n\t\t\t\t<a data-elementor-open-lightbox=\"yes\" data-elementor-lightbox-slideshow=\"d4a8838\" data-elementor-lightbox-title=\"DC 1998 \u2013 k\u00f3pia\" href='https:\/\/www.sdr.sk\/wp-content\/uploads\/2020\/12\/DC-1998-\u2013-kopia.jpg'><img width=\"400\" height=\"400\" src=\"https:\/\/www.sdr.sk\/wp-content\/uploads\/2020\/12\/DC-1998-\u2013-kopia-400x400.jpg\" class=\"attachment-elfie-400x400 size-elfie-400x400\" alt=\"\" loading=\"lazy\" srcset=\"https:\/\/www.sdr.sk\/wp-content\/uploads\/2020\/12\/DC-1998-\u2013-kopia-400x400.jpg 400w, https:\/\/www.sdr.sk\/wp-content\/uploads\/2020\/12\/DC-1998-\u2013-kopia-150x150.jpg 150w\" sizes=\"(max-width: 400px) 100vw, 400px\" \/><\/a>\n\t\t\t<\/div><\/figure>\n\t\t<\/div>\n\t\t<\/div>\n\t\t\t\t<\/div>\n\t\t\t\t<\/div>\n\t\t\t\t\t\t<\/div>\n\t\t\t\t\t<\/div>\n\t\t<\/div>\n\t\t\t\t\t\t\t\t<\/div>\n\t\t\t\t\t<\/div>\n\t\t<\/section>\n\t\t\t\t\t\t<\/div>\n\t\t\t\t\t\t<\/div>\n\t\t\t\t\t<\/div>\n\t\t","protected":false},"excerpt":{"rendered":"<p>Zalo\u017eenie kongreg\u00e1cie Kongreg\u00e1ciu sestier Bo\u017esk\u00e9ho Vykupite\u013ea zalo\u017eila 28. augusta 1849 Al\u017ebeta Eppinger, Matka Alfonza M\u00e1ria, v k\u00fape\u013enom meste Niederbronn, v<a class=\"read-more\" href=\"https:\/\/www.sdr.sk\/index.php\/historia\/\"\/>\u010c\u00edta\u0165 \u010falej<\/a><\/p>\n","protected":false},"author":1,"featured_media":0,"parent":0,"menu_order":0,"comment_status":"closed","ping_status":"closed","template":"page-templates\/template_nosidebar.php","meta":[],"_links":{"self":[{"href":"https:\/\/www.sdr.sk\/index.php\/wp-json\/wp\/v2\/pages\/14"}],"collection":[{"href":"https:\/\/www.sdr.sk\/index.php\/wp-json\/wp\/v2\/pages"}],"about":[{"href":"https:\/\/www.sdr.sk\/index.php\/wp-json\/wp\/v2\/types\/page"}],"author":[{"embeddable":true,"href":"https:\/\/www.sdr.sk\/index.php\/wp-json\/wp\/v2\/users\/1"}],"replies":[{"embeddable":true,"href":"https:\/\/www.sdr.sk\/index.php\/wp-json\/wp\/v2\/comments?post=14"}],"version-history":[{"count":10,"href":"https:\/\/www.sdr.sk\/index.php\/wp-json\/wp\/v2\/pages\/14\/revisions"}],"predecessor-version":[{"id":265,"href":"https:\/\/www.sdr.sk\/index.php\/wp-json\/wp\/v2\/pages\/14\/revisions\/265"}],"wp:attachment":[{"href":"https:\/\/www.sdr.sk\/index.php\/wp-json\/wp\/v2\/media?parent=14"}],"curies":[{"name":"wp","href":"https:\/\/api.w.org\/{rel}","templated":true}]}}